{"id":3662,"date":"2020-06-07T14:31:59","date_gmt":"2020-06-07T12:31:59","guid":{"rendered":"http:\/\/vitaminkistl.at\/?page_id=3662"},"modified":"2020-11-24T12:15:05","modified_gmt":"2020-11-24T11:15:05","slug":"produzenten","status":"publish","type":"page","link":"https:\/\/vitaminkistl.at\/index.php\/produzenten\/","title":{"rendered":"Produzenten"},"content":{"rendered":"<div id='full_slider_1'  class='avia-fullwidth-slider main_color avia-shadow   avia-builder-el-0  el_before_av_one_full  avia-builder-el-first   container_wrap sidebar_right'  ><div  class='avia-slideshow av-kb51q3bi-c18fa0e027017a15adede951fb635b3c avia-slideshow-no scaling av_slideshow_full avia-slide-slider av-slideshow-ui av-control-default av-slideshow-manual av-loop-once av-loop-manual-endless av-default-height-applied   avia-slideshow-1' data-slideshow-options=\"{&quot;animation&quot;:&quot;slide&quot;,&quot;autoplay&quot;:false,&quot;loop_autoplay&quot;:&quot;once&quot;,&quot;interval&quot;:5,&quot;loop_manual&quot;:&quot;manual-endless&quot;,&quot;autoplay_stopper&quot;:false,&quot;noNavigation&quot;:false,&quot;bg_slider&quot;:false,&quot;keep_padding&quot;:false,&quot;hoverpause&quot;:false,&quot;show_slide_delay&quot;:0}\"  itemprop=\"image\" itemscope=\"itemscope\" itemtype=\"https:\/\/schema.org\/ImageObject\" ><ul class='avia-slideshow-inner ' style='padding-bottom: 26.041666666667%;'><li  class='avia-slideshow-slide av-kb51q3bi-c18fa0e027017a15adede951fb635b3c__0  av-single-slide slide-1 slide-odd'><div data-rel='slideshow-1' class='avia-slide-wrap '   ><div class='av-slideshow-caption av-kb51q3bi-c18fa0e027017a15adede951fb635b3c__0 caption_fullwidth caption_center caption_center_framed caption_framed'><div class=\"container caption_container\"><div class=\"slideshow_caption\"><div class=\"slideshow_inner_caption\"><div class=\"slideshow_align_caption\"><h2 class='avia-caption-title '  itemprop=\"name\" >Produzenten<\/h2><\/div><\/div><\/div><\/div><\/div><img decoding=\"async\" fetchpriority=\"high\" class=\"wp-image-3663 avia-img-lazy-loading-not-3663\"  src=\"https:\/\/vitaminkistl.at\/wp-content\/uploads\/2020\/06\/Produzenten500.jpg\" width=\"1920\" height=\"500\" title='Produzenten' alt='Produzenten'  itemprop=\"thumbnailUrl\" srcset=\"https:\/\/vitaminkistl.at\/wp-content\/uploads\/2020\/06\/Produzenten500.jpg 1920w, https:\/\/vitaminkistl.at\/wp-content\/uploads\/2020\/06\/Produzenten500-600x156.jpg 600w, https:\/\/vitaminkistl.at\/wp-content\/uploads\/2020\/06\/Produzenten500-300x78.jpg 300w, https:\/\/vitaminkistl.at\/wp-content\/uploads\/2020\/06\/Produzenten500-768x200.jpg 768w, https:\/\/vitaminkistl.at\/wp-content\/uploads\/2020\/06\/Produzenten500-1030x268.jpg 1030w, https:\/\/vitaminkistl.at\/wp-content\/uploads\/2020\/06\/Produzenten500-1500x391.jpg 1500w, https:\/\/vitaminkistl.at\/wp-content\/uploads\/2020\/06\/Produzenten500-705x184.jpg 705w\" sizes=\"(max-width: 1920px) 100vw, 1920px\" \/><\/div><\/li><\/ul><\/div><\/div><div id='after_full_slider_1'  class='main_color av_default_container_wrap container_wrap sidebar_right'  ><div class='container av-section-cont-open' ><div class='template-page content  av-content-small alpha units'><div class='post-entry post-entry-type-page post-entry-3662'><div class='entry-content-wrapper clearfix'>\n\n<style type=\"text\/css\" data-created_by=\"avia_inline_auto\" id=\"style-css-av-5ddvtq-af61a4618f35b71a9206fb9280441d44\">\n.flex_column.av-5ddvtq-af61a4618f35b71a9206fb9280441d44{\nborder-radius:0px 0px 0px 0px;\npadding:0px 0px 0px 0px;\n}\n<\/style>\n<div  class='flex_column av-5ddvtq-af61a4618f35b71a9206fb9280441d44 av_one_full  avia-builder-el-1  el_after_av_slideshow_full  avia-builder-el-no-sibling  first flex_column_div av-zero-column-padding  '     ><p><section  class='av_textblock_section av-kb51t9sa-2abfd4755e506832b2718cd1d6298ec9 '   itemscope=\"itemscope\" itemtype=\"https:\/\/schema.org\/CreativeWork\" ><div class='avia_textblock'  itemprop=\"text\" ><p>Nachfolgend freuen wir uns euch die regionalen Produzenten unserer Zusatzprodukte n\u00e4her vorzustellen! Der Bereich wird gerade aufgebaut und dementsprechend regelm\u00e4\u00dfig erweitert.<\/p>\n<\/div><\/section><br \/>\n<div id='av-masonry-1' class='av-masonry av-kb51uypz-9df4a6d6e1d84f8d5238e17d8356e3e9 noHover av-fixed-size av-1px-gap av-hover-overlay-active av-masonry-animation-active av-masonry-col-5 av-caption-always av-caption-style-overlay av-masonry-entries av-orientation-square ' data-post_id=\"3662\"><div class=\"av-masonry-container isotope av-js-disabled\"><div class='av-masonry-entry isotope-item av-masonry-item-no-image '><\/div><a href=\"https:\/\/vitaminkistl.at\/index.php\/2020\/12\/09\/weingut-keringer\/\"  id='av-masonry-1-item-5360' data-av-masonry-item='5360' class='av-masonry-entry isotope-item post-5360 post type-post status-publish format-standard has-post-thumbnail hentry category-produzenten  av-masonry-item-with-image' title=\"imagebild\"   itemscope=\"itemscope\" itemtype=\"https:\/\/schema.org\/CreativeWork\" ><div class='av-inner-masonry-sizer'><\/div><figure class='av-inner-masonry main_color'><div class=\"av-masonry-outerimage-container\"><div class='av-masonry-image-container' style=\"background-image: url(https:\/\/vitaminkistl.at\/wp-content\/uploads\/2020\/12\/imagebild-1-705x469.jpg);\"  title=\"imagebild\" ><\/div><\/div><figcaption class='av-inner-masonry-content site-background'><div class='av-inner-masonry-content-pos'><div class='av-inner-masonry-content-pos-content'><div class='avia-arrow'><\/div><h3 class='av-masonry-entry-title entry-title '  itemprop=\"headline\" >Weingut Keringer<\/h3><span class='av-masonry-date meta-color updated'>09\/12\/2020<\/span><span class=\"av-masonry-text-sep text-sep-author\">\/<\/span><span class='av-masonry-author meta-color author'><span class='fn'>von Anna Weinhofer<\/span><\/span><\/div><\/div><\/figcaption><\/figure><\/a><!--end av-masonry entry--><a href=\"https:\/\/vitaminkistl.at\/index.php\/2020\/06\/07\/rodauner-biermanufaktur\/\"  id='av-masonry-1-item-3667' data-av-masonry-item='3667' class='av-masonry-entry isotope-item post-3667 post type-post status-publish format-standard has-post-thumbnail hentry category-produzenten  av-masonry-item-with-image' title=\"Rodauner\"   itemscope=\"itemscope\" itemtype=\"https:\/\/schema.org\/CreativeWork\" ><div class='av-inner-masonry-sizer'><\/div><figure class='av-inner-masonry main_color'><div class=\"av-masonry-outerimage-container\"><div class='av-masonry-image-container' style=\"background-image: url(https:\/\/vitaminkistl.at\/wp-content\/uploads\/2020\/06\/Rodauner-705x184.jpg);\"  title=\"Rodauner\" ><\/div><\/div><figcaption class='av-inner-masonry-content site-background'><div class='av-inner-masonry-content-pos'><div class='av-inner-masonry-content-pos-content'><div class='avia-arrow'><\/div><h3 class='av-masonry-entry-title entry-title '  itemprop=\"headline\" >Rodauner Biermanufaktur<\/h3><span class='av-masonry-date meta-color updated'>07\/06\/2020<\/span><span class=\"av-masonry-text-sep text-sep-author\">\/<\/span><span class='av-masonry-author meta-color author'><span class='fn'>von admin<\/span><\/span><\/div><\/div><\/figcaption><\/figure><\/a><!--end av-masonry entry--><a href=\"https:\/\/vitaminkistl.at\/index.php\/2020\/06\/22\/most-michl\/\"  id='av-masonry-1-item-3696' data-av-masonry-item='3696' class='av-masonry-entry isotope-item post-3696 post type-post status-publish format-standard has-post-thumbnail hentry category-produzenten  av-masonry-item-with-image' title=\"Most Michl\"   itemscope=\"itemscope\" itemtype=\"https:\/\/schema.org\/CreativeWork\" ><div class='av-inner-masonry-sizer'><\/div><figure class='av-inner-masonry main_color'><div class=\"av-masonry-outerimage-container\"><div class='av-masonry-image-container' style=\"background-image: url(https:\/\/vitaminkistl.at\/wp-content\/uploads\/2020\/06\/1130-start-705x470.jpg);\"  title=\"Most Michl\" ><\/div><\/div><figcaption class='av-inner-masonry-content site-background'><div class='av-inner-masonry-content-pos'><div class='av-inner-masonry-content-pos-content'><div class='avia-arrow'><\/div><h3 class='av-masonry-entry-title entry-title '  itemprop=\"headline\" >Most Michl<\/h3><span class='av-masonry-date meta-color updated'>22\/06\/2020<\/span><span class=\"av-masonry-text-sep text-sep-author\">\/<\/span><span class='av-masonry-author meta-color author'><span class='fn'>von admin<\/span><\/span><\/div><\/div><\/figcaption><\/figure><\/a><!--end av-masonry entry--><a href=\"https:\/\/vitaminkistl.at\/index.php\/2020\/06\/22\/may-31\/\"  id='av-masonry-1-item-3703' data-av-masonry-item='3703' class='av-masonry-entry isotope-item post-3703 post type-post status-publish format-standard has-post-thumbnail hentry category-produzenten  av-masonry-item-with-image' title=\"May31 Besitzer\"   itemscope=\"itemscope\" itemtype=\"https:\/\/schema.org\/CreativeWork\" ><div class='av-inner-masonry-sizer'><\/div><figure class='av-inner-masonry main_color'><div class=\"av-masonry-outerimage-container\"><div class='av-masonry-image-container' style=\"background-image: url(https:\/\/vitaminkistl.at\/wp-content\/uploads\/2020\/06\/May31-Besitzer-705x574.jpg);\"  title=\"May31 Besitzer\" ><\/div><\/div><figcaption class='av-inner-masonry-content site-background'><div class='av-inner-masonry-content-pos'><div class='av-inner-masonry-content-pos-content'><div class='avia-arrow'><\/div><h3 class='av-masonry-entry-title entry-title '  itemprop=\"headline\" >May 31<\/h3><span class='av-masonry-date meta-color updated'>22\/06\/2020<\/span><span class=\"av-masonry-text-sep text-sep-author\">\/<\/span><span class='av-masonry-author meta-color author'><span class='fn'>von admin<\/span><\/span><\/div><\/div><\/figcaption><\/figure><\/a><!--end av-masonry entry--><a href=\"https:\/\/vitaminkistl.at\/index.php\/2020\/11\/13\/landtmanns-original\/\"  id='av-masonry-1-item-4459' data-av-masonry-item='4459' class='av-masonry-entry isotope-item post-4459 post type-post status-publish format-standard has-post-thumbnail hentry category-produzenten  av-masonry-item-with-image' title=\"Familie\"   itemscope=\"itemscope\" itemtype=\"https:\/\/schema.org\/CreativeWork\" ><div class='av-inner-masonry-sizer'><\/div><figure class='av-inner-masonry main_color'><div class=\"av-masonry-outerimage-container\"><div class='av-masonry-image-container' style=\"background-image: url(https:\/\/vitaminkistl.at\/wp-content\/uploads\/2020\/11\/Familie-kleiner-705x448.jpg);\"  title=\"Familie\" ><\/div><\/div><figcaption class='av-inner-masonry-content site-background'><div class='av-inner-masonry-content-pos'><div class='av-inner-masonry-content-pos-content'><div class='avia-arrow'><\/div><h3 class='av-masonry-entry-title entry-title '  itemprop=\"headline\" >Landtmann&#8217;s Original<\/h3><span class='av-masonry-date meta-color updated'>13\/11\/2020<\/span><span class=\"av-masonry-text-sep text-sep-author\">\/<\/span><span class='av-masonry-author meta-color author'><span class='fn'>von Anna Weinhofer<\/span><\/span><\/div><\/div><\/figcaption><\/figure><\/a><!--end av-masonry entry--><a href=\"https:\/\/vitaminkistl.at\/index.php\/2020\/11\/19\/hiegesberger-milch-und-milchprodukte\/\"  id='av-masonry-1-item-5029' data-av-masonry-item='5029' class='av-masonry-entry isotope-item post-5029 post type-post status-publish format-standard has-post-thumbnail hentry category-produzenten  av-masonry-item-with-image' title=\"imagefoto\"   itemscope=\"itemscope\" itemtype=\"https:\/\/schema.org\/CreativeWork\" ><div class='av-inner-masonry-sizer'><\/div><figure class='av-inner-masonry main_color'><div class=\"av-masonry-outerimage-container\"><div class='av-masonry-image-container' style=\"background-image: url(https:\/\/vitaminkistl.at\/wp-content\/uploads\/2020\/11\/image-von-web_600px-705x494.jpg);\"  title=\"imagefoto\" ><\/div><\/div><figcaption class='av-inner-masonry-content site-background'><div class='av-inner-masonry-content-pos'><div class='av-inner-masonry-content-pos-content'><div class='avia-arrow'><\/div><h3 class='av-masonry-entry-title entry-title '  itemprop=\"headline\" >Hiegesberger Milch und Milchprodukte<\/h3><span class='av-masonry-date meta-color updated'>19\/11\/2020<\/span><span class=\"av-masonry-text-sep text-sep-author\">\/<\/span><span class='av-masonry-author meta-color author'><span class='fn'>von Anna Weinhofer<\/span><\/span><\/div><\/div><\/figcaption><\/figure><\/a><!--end av-masonry entry--><a href=\"https:\/\/vitaminkistl.at\/index.php\/2020\/11\/19\/bio-lutz-gmbh\/\"  id='av-masonry-1-item-5061' data-av-masonry-item='5061' class='av-masonry-entry isotope-item post-5061 post type-post status-publish format-standard has-post-thumbnail hentry category-produzenten  av-masonry-item-with-image' title=\"Robert Lutz\"   itemscope=\"itemscope\" itemtype=\"https:\/\/schema.org\/CreativeWork\" ><div class='av-inner-masonry-sizer'><\/div><figure class='av-inner-masonry main_color'><div class=\"av-masonry-outerimage-container\"><div class='av-masonry-image-container' style=\"background-image: url(https:\/\/vitaminkistl.at\/wp-content\/uploads\/2020\/11\/Robert-Lutz_600px-705x471.jpg);\"  title=\"Robert Lutz\" ><\/div><\/div><figcaption class='av-inner-masonry-content site-background'><div class='av-inner-masonry-content-pos'><div class='av-inner-masonry-content-pos-content'><div class='avia-arrow'><\/div><h3 class='av-masonry-entry-title entry-title '  itemprop=\"headline\" >Bio Lutz GmbH<\/h3><span class='av-masonry-date meta-color updated'>19\/11\/2020<\/span><span class=\"av-masonry-text-sep text-sep-author\">\/<\/span><span class='av-masonry-author meta-color author'><span class='fn'>von Anna Weinhofer<\/span><\/span><\/div><\/div><\/figcaption><\/figure><\/a><!--end av-masonry entry--><a href=\"https:\/\/vitaminkistl.at\/index.php\/2020\/12\/09\/alt-wien-kaffee\/\"  id='av-masonry-1-item-5354' data-av-masonry-item='5354' class='av-masonry-entry isotope-item post-5354 post type-post status-publish format-standard has-post-thumbnail hentry category-produzenten  av-masonry-item-with-image' title=\"imagebild\"   itemscope=\"itemscope\" itemtype=\"https:\/\/schema.org\/CreativeWork\" ><div class='av-inner-masonry-sizer'><\/div><figure class='av-inner-masonry main_color'><div class=\"av-masonry-outerimage-container\"><div class='av-masonry-image-container' style=\"background-image: url(https:\/\/vitaminkistl.at\/wp-content\/uploads\/2020\/12\/imagebild.jpg);\"  title=\"imagebild\" ><\/div><\/div><figcaption class='av-inner-masonry-content site-background'><div class='av-inner-masonry-content-pos'><div class='av-inner-masonry-content-pos-content'><div class='avia-arrow'><\/div><h3 class='av-masonry-entry-title entry-title '  itemprop=\"headline\" >Alt Wien Kaffee<\/h3><span class='av-masonry-date meta-color updated'>09\/12\/2020<\/span><span class=\"av-masonry-text-sep text-sep-author\">\/<\/span><span class='av-masonry-author meta-color author'><span class='fn'>von Anna Weinhofer<\/span><\/span><\/div><\/div><\/figcaption><\/figure><\/a><!--end av-masonry entry--><\/div><\/div><\/p><\/div>\n","protected":false},"excerpt":{"rendered":"","protected":false},"author":1,"featured_media":0,"parent":0,"menu_order":0,"comment_status":"closed","ping_status":"closed","template":"","meta":{"footnotes":""},"class_list":["post-3662","page","type-page","status-publish","hentry"],"yoast_head":"<!-- This site is optimized with the Yoast SEO plugin v27.5 - https:\/\/yoast.com\/product\/yoast-seo-wordpress\/ -->\n<title>Vitaminkistl - vitaminkistl.at - regional saisonal mit Liebe<\/title>\n<meta name=\"description\" content=\"Wir vom Vitaminkistl haben es uns zur Aufgabe gemacht, euch mit regionalen K\u00f6stlichkeiten zu verw\u00f6hnen.\" \/>\n<meta name=\"robots\" content=\"index, follow, max-snippet:-1, max-image-preview:large, max-video-preview:-1\" \/>\n<link rel=\"canonical\" href=\"https:\/\/vitaminkistl.at\/index.php\/produzenten\/\" \/>\n<meta property=\"og:locale\" content=\"de_DE\" \/>\n<meta property=\"og:type\" content=\"article\" \/>\n<meta property=\"og:title\" content=\"Vitaminkistl - vitaminkistl.at - regional saisonal mit Liebe\" \/>\n<meta property=\"og:description\" content=\"Wir vom Vitaminkistl haben es uns zur Aufgabe gemacht, euch mit regionalen K\u00f6stlichkeiten zu verw\u00f6hnen.\" \/>\n<meta property=\"og:url\" content=\"https:\/\/vitaminkistl.at\/index.php\/produzenten\/\" \/>\n<meta property=\"og:site_name\" content=\"vitaminkistl.at\" \/>\n<meta property=\"article:modified_time\" content=\"2020-11-24T11:15:05+00:00\" \/>\n<meta name=\"twitter:card\" content=\"summary_large_image\" \/>\n<meta name=\"twitter:label1\" content=\"Gesch\u00e4tzte Lesezeit\" \/>\n\t<meta name=\"twitter:data1\" content=\"2\u00a0Minuten\" \/>\n<script type=\"application\/ld+json\" class=\"yoast-schema-graph\">{\"@context\":\"https:\\\/\\\/schema.org\",\"@graph\":[{\"@type\":\"WebPage\",\"@id\":\"https:\\\/\\\/vitaminkistl.at\\\/index.php\\\/produzenten\\\/\",\"url\":\"https:\\\/\\\/vitaminkistl.at\\\/index.php\\\/produzenten\\\/\",\"name\":\"Vitaminkistl - vitaminkistl.at - regional saisonal mit Liebe\",\"isPartOf\":{\"@id\":\"https:\\\/\\\/vitaminkistl.at\\\/#website\"},\"datePublished\":\"2020-06-07T12:31:59+00:00\",\"dateModified\":\"2020-11-24T11:15:05+00:00\",\"description\":\"Wir vom Vitaminkistl haben es uns zur Aufgabe gemacht, euch mit regionalen K\u00f6stlichkeiten zu verw\u00f6hnen.\",\"breadcrumb\":{\"@id\":\"https:\\\/\\\/vitaminkistl.at\\\/index.php\\\/produzenten\\\/#breadcrumb\"},\"inLanguage\":\"de\",\"potentialAction\":[{\"@type\":\"ReadAction\",\"target\":[\"https:\\\/\\\/vitaminkistl.at\\\/index.php\\\/produzenten\\\/\"]}]},{\"@type\":\"BreadcrumbList\",\"@id\":\"https:\\\/\\\/vitaminkistl.at\\\/index.php\\\/produzenten\\\/#breadcrumb\",\"itemListElement\":[{\"@type\":\"ListItem\",\"position\":1,\"name\":\"Home\",\"item\":\"https:\\\/\\\/vitaminkistl.at\\\/index.php\\\/vitaminkistl\\\/\"},{\"@type\":\"ListItem\",\"position\":2,\"name\":\"Produzenten\"}]},{\"@type\":\"WebSite\",\"@id\":\"https:\\\/\\\/vitaminkistl.at\\\/#website\",\"url\":\"https:\\\/\\\/vitaminkistl.at\\\/\",\"name\":\"vitaminkistl.at\",\"description\":\"Das regionale Obst bzw. Gem\u00fcsekistl\",\"publisher\":{\"@id\":\"https:\\\/\\\/vitaminkistl.at\\\/#organization\"},\"potentialAction\":[{\"@type\":\"SearchAction\",\"target\":{\"@type\":\"EntryPoint\",\"urlTemplate\":\"https:\\\/\\\/vitaminkistl.at\\\/?s={search_term_string}\"},\"query-input\":{\"@type\":\"PropertyValueSpecification\",\"valueRequired\":true,\"valueName\":\"search_term_string\"}}],\"inLanguage\":\"de\"},{\"@type\":\"Organization\",\"@id\":\"https:\\\/\\\/vitaminkistl.at\\\/#organization\",\"name\":\"Vitaminkistl\",\"url\":\"https:\\\/\\\/vitaminkistl.at\\\/\",\"logo\":{\"@type\":\"ImageObject\",\"inLanguage\":\"de\",\"@id\":\"https:\\\/\\\/vitaminkistl.at\\\/#\\\/schema\\\/logo\\\/image\\\/\",\"url\":\"https:\\\/\\\/vitaminkistl.at\\\/wp-content\\\/uploads\\\/2020\\\/03\\\/Logo_Vitaminkistl_v1.png\",\"contentUrl\":\"https:\\\/\\\/vitaminkistl.at\\\/wp-content\\\/uploads\\\/2020\\\/03\\\/Logo_Vitaminkistl_v1.png\",\"width\":1036,\"height\":291,\"caption\":\"Vitaminkistl\"},\"image\":{\"@id\":\"https:\\\/\\\/vitaminkistl.at\\\/#\\\/schema\\\/logo\\\/image\\\/\"}}]}<\/script>\n<!-- \/ Yoast SEO plugin. -->","yoast_head_json":{"title":"Vitaminkistl - vitaminkistl.at - regional saisonal mit Liebe","description":"Wir vom Vitaminkistl haben es uns zur Aufgabe gemacht, euch mit regionalen K\u00f6stlichkeiten zu verw\u00f6hnen.","robots":{"index":"index","follow":"follow","max-snippet":"max-snippet:-1","max-image-preview":"max-image-preview:large","max-video-preview":"max-video-preview:-1"},"canonical":"https:\/\/vitaminkistl.at\/index.php\/produzenten\/","og_locale":"de_DE","og_type":"article","og_title":"Vitaminkistl - vitaminkistl.at - regional saisonal mit Liebe","og_description":"Wir vom Vitaminkistl haben es uns zur Aufgabe gemacht, euch mit regionalen K\u00f6stlichkeiten zu verw\u00f6hnen.","og_url":"https:\/\/vitaminkistl.at\/index.php\/produzenten\/","og_site_name":"vitaminkistl.at","article_modified_time":"2020-11-24T11:15:05+00:00","twitter_card":"summary_large_image","twitter_misc":{"Gesch\u00e4tzte Lesezeit":"2\u00a0Minuten"},"schema":{"@context":"https:\/\/schema.org","@graph":[{"@type":"WebPage","@id":"https:\/\/vitaminkistl.at\/index.php\/produzenten\/","url":"https:\/\/vitaminkistl.at\/index.php\/produzenten\/","name":"Vitaminkistl - vitaminkistl.at - regional saisonal mit Liebe","isPartOf":{"@id":"https:\/\/vitaminkistl.at\/#website"},"datePublished":"2020-06-07T12:31:59+00:00","dateModified":"2020-11-24T11:15:05+00:00","description":"Wir vom Vitaminkistl haben es uns zur Aufgabe gemacht, euch mit regionalen K\u00f6stlichkeiten zu verw\u00f6hnen.","breadcrumb":{"@id":"https:\/\/vitaminkistl.at\/index.php\/produzenten\/#breadcrumb"},"inLanguage":"de","potentialAction":[{"@type":"ReadAction","target":["https:\/\/vitaminkistl.at\/index.php\/produzenten\/"]}]},{"@type":"BreadcrumbList","@id":"https:\/\/vitaminkistl.at\/index.php\/produzenten\/#breadcrumb","itemListElement":[{"@type":"ListItem","position":1,"name":"Home","item":"https:\/\/vitaminkistl.at\/index.php\/vitaminkistl\/"},{"@type":"ListItem","position":2,"name":"Produzenten"}]},{"@type":"WebSite","@id":"https:\/\/vitaminkistl.at\/#website","url":"https:\/\/vitaminkistl.at\/","name":"vitaminkistl.at","description":"Das regionale Obst bzw. Gem\u00fcsekistl","publisher":{"@id":"https:\/\/vitaminkistl.at\/#organization"},"potentialAction":[{"@type":"SearchAction","target":{"@type":"EntryPoint","urlTemplate":"https:\/\/vitaminkistl.at\/?s={search_term_string}"},"query-input":{"@type":"PropertyValueSpecification","valueRequired":true,"valueName":"search_term_string"}}],"inLanguage":"de"},{"@type":"Organization","@id":"https:\/\/vitaminkistl.at\/#organization","name":"Vitaminkistl","url":"https:\/\/vitaminkistl.at\/","logo":{"@type":"ImageObject","inLanguage":"de","@id":"https:\/\/vitaminkistl.at\/#\/schema\/logo\/image\/","url":"https:\/\/vitaminkistl.at\/wp-content\/uploads\/2020\/03\/Logo_Vitaminkistl_v1.png","contentUrl":"https:\/\/vitaminkistl.at\/wp-content\/uploads\/2020\/03\/Logo_Vitaminkistl_v1.png","width":1036,"height":291,"caption":"Vitaminkistl"},"image":{"@id":"https:\/\/vitaminkistl.at\/#\/schema\/logo\/image\/"}}]}},"_links":{"self":[{"href":"https:\/\/vitaminkistl.at\/index.php\/wp-json\/wp\/v2\/pages\/3662","targetHints":{"allow":["GET"]}}],"collection":[{"href":"https:\/\/vitaminkistl.at\/index.php\/wp-json\/wp\/v2\/pages"}],"about":[{"href":"https:\/\/vitaminkistl.at\/index.php\/wp-json\/wp\/v2\/types\/page"}],"author":[{"embeddable":true,"href":"https:\/\/vitaminkistl.at\/index.php\/wp-json\/wp\/v2\/users\/1"}],"replies":[{"embeddable":true,"href":"https:\/\/vitaminkistl.at\/index.php\/wp-json\/wp\/v2\/comments?post=3662"}],"version-history":[{"count":15,"href":"https:\/\/vitaminkistl.at\/index.php\/wp-json\/wp\/v2\/pages\/3662\/revisions"}],"predecessor-version":[{"id":5182,"href":"https:\/\/vitaminkistl.at\/index.php\/wp-json\/wp\/v2\/pages\/3662\/revisions\/5182"}],"wp:attachment":[{"href":"https:\/\/vitaminkistl.at\/index.php\/wp-json\/wp\/v2\/media?parent=3662"}],"curies":[{"name":"wp","href":"https:\/\/api.w.org\/{rel}","templated":true}]}}